{"id":211,"date":"2021-05-31T11:39:40","date_gmt":"2021-05-31T09:39:40","guid":{"rendered":"http:\/\/www.inace.gov.mz\/?page_id=211"},"modified":"2021-05-31T11:39:40","modified_gmt":"2021-05-31T09:39:40","slug":"comunicado-da-2da-sessao-do-cccm","status":"publish","type":"page","link":"https:\/\/www.inace.gov.mz\/?page_id=211","title":{"rendered":"Comunicado da 2da Sessao do CCCM"},"content":{"rendered":"\n<figure class=\"wp-block-table\"><table><tbody><tr><td class=\"has-text-align-center\" data-align=\"center\"><strong>\u00a0 REP\u00daBLICA DE MO\u00c7AMBIQUE<\/strong> <br><br>MINIST\u00c9RIO DOS NEG\u00d3CIOS ESTRANGEIROS E COOPERA\u00c7\u00c3O<br> INSTITUTO NACIONAL PARA AS COMUNIDADES MO\u00c7AMBICANAS NO EXTERIOR <strong>INACE<\/strong> <br><br>\u00a0 \u00a0 \u00a0 \u00a0 \u00a0 \u00a0 \u00a0 <br><strong>COMUNICADO<\/strong> <br><strong>\u00a02\u00aa SESS\u00c3O DO CONSELHO CONSULTIVO DAS COMUNIDADES MO\u00c7AMBICANAS NO EXTERIOR &#8211; CCCM<\/strong> \u00a0 \u00a0 <strong>EM FORMATO HIBRIDO<\/strong><br>                                       <strong>(VIRTUAL E PRESENCIAL)<\/strong> \u00a0 \u00a0 \u00a0 \u00a0 \u00a0 \u00a0 \u00a0 \u00a0 \u00a0 \u00a0\u00a0\u00a0\u00a0\u00a0\u00a0\u00a0\u00a0\u00a0\u00a0\u00a0\u00a0\u00a0\u00a0\u00a0\u00a0\u00a0\u00a0\u00a0\u00a0\u00a0\u00a0\u00a0\u00a0\u00a0\u00a0 <br><br>MAPUTO, MAIO DE 2021 \u00a0<\/td><\/tr><\/tbody><\/table><\/figure>\n\n\n\n<p>O Conselho Consultivo das Comunidades Mo\u00e7ambicanas no Exterior, \u00e9 um \u00f3rg\u00e3o de consulta do <strong>INACE<\/strong> \u00e0s Comunidades Mo\u00e7ambicanas no Exterior, que nos termos da al\u00ednea d) do artigo 5 do INACE e re\u00fane-se, ordinariamente, uma vez de dois em dois anos, sendo presidido pelo Director do INACE, nos termos do n\u00b0 3 do artigo 14 ambos do Estatuto Org\u00e2nico aprovado pelo Decreto n\u00b0 42\/2004 de 29 de Setembro.<\/p>\n\n\n\n<p>A abertura da 2\u00aa Sess\u00e3o do Conselho Consultivo das Comunidades Mo\u00e7ambicanas no Exterior, realizada no dia 22 de Abril de 2021, em formato h\u00edbrido (virtual para os que participaram a partir dos seus pa\u00edses de acolhimento (35) e presencial para os que se encontravam na Sala Mangueira (21), foi honrada com a presen\u00e7a de Sua Excel\u00eancia Jos\u00e9 Manuel Gon\u00e7alves, Vice-Ministro dos Neg\u00f3cios Estrangeiros e Coopera\u00e7\u00e3o, que no seu discurso referiu-se aos seguintes aspectos:<\/p>\n\n\n\n<ol type=\"i\"><li>Desafio humanit\u00e1rio, a paz e seguran\u00e7a que os actos de terrorismo que assolam a Prov\u00edncia de Cabo Delgado, representam para o Governo mo\u00e7ambicano;<\/li><\/ol>\n\n\n\n<ol type=\"i\" start=\"2\"><li>As amea\u00e7as \u00e0 seguran\u00e7a na regi\u00e3o centro causadas pela auto proclamada Junta Militar;<\/li><li>A Pandemia da COVID-19, que tem posto \u00e0 prova no novo modo de estar e de ser;<\/li><li>A import\u00e2ncia do Mapeamento, particularmente para a elabora\u00e7\u00e3o da pol\u00edtica da di\u00e1spora mo\u00e7ambicana;<\/li><li>A pertin\u00eancia da continua\u00e7\u00e3o da organiza\u00e7\u00e3o da comunidade mo\u00e7ambicana em associa\u00e7\u00f5es;<\/li><li>A observ\u00e2ncia das medidas de preven\u00e7\u00e3o do Covid-19 emanadas pelas autoridades dos Pa\u00edses de acolhimento.<\/li><\/ol>\n\n\n\n<p>A Sess\u00e3o presidida pelo Exmo Senhor Armando Pedro Muiuane J\u00fanior, Director Nacional do INACE, contou com a participa\u00e7\u00e3o de:<\/p>\n\n\n\n<figure class=\"wp-block-table\"><table><tbody><tr><td><strong>N \u00b0<\/strong><\/td><td><strong>Participa\u00e7\u00e3o virtual<\/strong><\/td><\/tr><tr><td><strong>1<\/strong><\/td><td>Representantes das comunidades mo\u00e7ambicanas residentes no exterior &nbsp; &nbsp;<\/td><td>\u00c1frica do Sul Angola Malawi eSwathini Zimbabwe Eti\u00f3pia China EUA Reino Unido Portugal Holanda Luxemburgo Fran\u00e7a<\/td><td>24<\/td><\/tr><tr><td><strong>2<\/strong><\/td><td>Embaixador<\/td><td>EUA<\/td><td>1<\/td><\/tr><tr><td><strong>3<\/strong><\/td><td>C\u00f4nsul Geral<\/td><td>Johanesburg<\/td><td>1<\/td><\/tr><tr><td><strong>4<\/strong><\/td><td>C\u00f4nsul &nbsp;<\/td><td>Mbombela<\/td><td>1<\/td><\/tr><tr><td><strong>5<\/strong><\/td><td>Adidos Consulares<\/td><td>Zimbabwe Malawi Portugal-Lisboa e Porto \u00c1frica do Sul B\u00e9lgica Tanz\u00e2nia Qu\u00e9nia<\/td><td>8<\/td><\/tr><tr><td><strong>&nbsp;<\/strong><\/td><td><strong>Participa\u00e7\u00e3o presencial na sala mangueira do MINEC<\/strong><\/td><\/tr><tr><td><strong>6<\/strong><\/td><td>Deputado do Circulo Eleitoral da Europa e Resto do Mundo<\/td><td>&nbsp;<\/td><td>1<\/td><\/tr><tr><td><strong>7<\/strong><\/td><td>Deputado para o Circulo Eleitoral de \u00c1frica&nbsp;<\/td><td>&nbsp;<\/td><td>1<\/td><\/tr><tr><td><strong>8<\/strong><\/td><td>Membros do Conselho T\u00e9cnico do INACE<\/td><td>MJACR MEF-AT MEF-DNPO MGCAS MINT-DNIC MINT-INAR MOPHRH IBE MICULTUR SED MICO DAJC SEJE<\/td><td>13<\/td><\/tr><tr><td><strong>9<\/strong><\/td><td>Membros do Colectivo de Direc\u00e7\u00e3o do INACE<\/td><td>&nbsp;<\/td><td>6<\/td><\/tr><tr><td><strong>Total<\/strong><\/td><td>&nbsp;<\/td><td><strong>&nbsp;<\/strong><\/td><td><strong>56<\/strong><\/td><\/tr><tr><td><\/td><td><\/td><td><\/td><td><\/td><td><\/td><\/tr><\/tbody><\/table><\/figure>\n\n\n\n<p>A Sess\u00e3o, teve a seguinte agenda:<\/p>\n\n\n\n<ol type=\"1\"><li><strong>Apresenta\u00e7\u00e3o do relat\u00f3rio da 1\u00aa Sess\u00e3o Ordin\u00e1ria do Conselho Consultivo das Comunidades Mo\u00e7ambicanas;<\/strong><\/li><li><strong>Ponto de situa\u00e7\u00e3o do Mapeamento da Di\u00e1spora;<\/strong><\/li><li><strong>Ponto de situa\u00e7\u00e3o do COVID 19 no seio das Comunidades;<\/strong><\/li><li><strong>Data comemorativa da Di\u00e1spora mo\u00e7ambicana; e<\/strong><\/li><li><strong>Elei\u00e7\u00e3o dos Membros do Conselho Consultivo das Comunidades.<\/strong><\/li><\/ol>\n\n\n\n<p><strong><u>Quest\u00f5es surgidas fora da agenda durante a Sess\u00e3o:<\/u><\/strong><\/p>\n\n\n\n<ul><li>Ensino da l\u00edngua portuguesa aos filhos de mo\u00e7ambicanos na Di\u00e1spora;<\/li><\/ul>\n\n\n\n<ul><li>Considera\u00e7\u00e3o da possibilidade de mobilidade do equipamento de capta\u00e7\u00e3o de dados para emiss\u00e3o de documentos de identifica\u00e7\u00e3o e de viagem biom\u00e9tricos, de modo a evitar a desloca\u00e7\u00e3o dos mo\u00e7ambicanos de uma cidade para outra, visto que este exerc\u00edcio&nbsp; acarreta custos elevados, bem como, a possibilidade de solicitar a emiss\u00e3o destes documentos em simult\u00e2neo.&nbsp;<\/li><li>Introdu\u00e7\u00e3o da emiss\u00e3o \u201con line\u201d do Registo Criminal pelas Miss\u00f5es Diplom\u00e1ticas e Consulares.<\/li><li>Cancelamento de documentos de mo\u00e7ambicanos obtidos de forma fraudulenta, e do congelamento de contas banc\u00e1rias na \u00c1frica do Sul.<\/li><li>&nbsp;Reenvio de brigadas mistas para efeitos de emiss\u00e3o de documenta\u00e7\u00e3o.<\/li><li>Tramita\u00e7\u00e3o morosa da Embaixada de Portugal em Mo\u00e7ambique, do visto de estudante no \u00e2mbito do Protocolo entre Portugal e Mo\u00e7ambique, porque os estudantes chegam ap\u00f3s o in\u00edcio das aulas;<\/li><\/ul>\n\n\n\n<p><strong><u>Recomenda\u00e7\u00f5es da 2\u00aa Sess\u00e3o Conselho Consultivo das Comunidades no Exterior 2021<\/u><\/strong><\/p>\n\n\n\n<ol type=\"1\"><li><strong>Ponto de situa\u00e7\u00e3o do COVID 19 no seio das Comunidades;<\/strong><\/li><\/ol>\n\n\n\n<p>Recomenda -se para mobilizar os mo\u00e7ambicanos na Rep\u00fablica da China a aderirem as campanhas de vacina\u00e7\u00e3o de modo a evitar que enfrentem dificuldades de \u00edndole financeira para custear as despesas da vacina\u00e7\u00e3o.<\/p>\n\n\n\n<ol type=\"1\" start=\"2\"><li><strong>Data comemorativa da Di\u00e1spora mo\u00e7ambicana;<\/strong><\/li><\/ol>\n\n\n\n<p>Recomenda-se para que o processo da fixa\u00e7\u00e3o da data comemorativa da di\u00e1spora n\u00e3o se tome em considera\u00e7\u00e3o uma data fixa do calend\u00e1rio, mas sim, o segundo s\u00e1bado do m\u00eas de Dezembro.<\/p>\n\n\n\n<ol type=\"1\" start=\"3\"><li><strong>Elei\u00e7\u00e3o dos Membros do Conselho Consultivo das Comunidades.<\/strong><\/li><\/ol>\n\n\n\n<p>Recomenda-se que os crit\u00e9rios de elei\u00e7\u00e3o sejam determinados atrav\u00e9s de um Regulamento Eleitoral ap\u00f3s consultas com cada MDC e Associa\u00e7\u00f5es na Regi\u00e3o Consular.<\/p>\n\n\n\n<p>MAPUTO, MAIO DE 2021<\/p>\n","protected":false},"excerpt":{"rendered":"<p>\u00a0 REP\u00daBLICA DE MO\u00c7AMBIQUE MINIST\u00c9RIO DOS NEG\u00d3CIOS ESTRANGEIROS E COOPERA\u00c7\u00c3O INSTITUTO NACIONAL PARA AS COMUNIDADES MO\u00c7AMBICANAS NO EXTERIOR INACE \u00a0<\/p>\n","protected":false},"author":3,"featured_media":0,"parent":0,"menu_order":0,"comment_status":"closed","ping_status":"closed","template":"","meta":[],"_links":{"self":[{"href":"https:\/\/www.inace.gov.mz\/index.php?rest_route=\/wp\/v2\/pages\/211"}],"collection":[{"href":"https:\/\/www.inace.gov.mz\/index.php?rest_route=\/wp\/v2\/pages"}],"about":[{"href":"https:\/\/www.inace.gov.mz\/index.php?rest_route=\/wp\/v2\/types\/page"}],"author":[{"embeddable":true,"href":"https:\/\/www.inace.gov.mz\/index.php?rest_route=\/wp\/v2\/users\/3"}],"replies":[{"embeddable":true,"href":"https:\/\/www.inace.gov.mz\/index.php?rest_route=%2Fwp%2Fv2%2Fcomments&post=211"}],"version-history":[{"count":2,"href":"https:\/\/www.inace.gov.mz\/index.php?rest_route=\/wp\/v2\/pages\/211\/revisions"}],"predecessor-version":[{"id":213,"href":"https:\/\/www.inace.gov.mz\/index.php?rest_route=\/wp\/v2\/pages\/211\/revisions\/213"}],"wp:attachment":[{"href":"https:\/\/www.inace.gov.mz\/index.php?rest_route=%2Fwp%2Fv2%2Fmedia&parent=211"}],"curies":[{"name":"wp","href":"https:\/\/api.w.org\/{rel}","templated":true}]}}